{"id":3540,"date":"2014-11-06T13:51:53","date_gmt":"2014-11-06T12:51:53","guid":{"rendered":"https:\/\/vvp.avu.cz\/the-vida-series\/"},"modified":"2022-04-27T22:15:29","modified_gmt":"2022-04-27T21:15:29","slug":"the-vida-series","status":"publish","type":"page","link":"https:\/\/vvp.avu.cz\/en\/the-vida-series\/","title":{"rendered":"The VIDA series"},"content":{"rendered":"<p>The VIDA series was created in 2011 to publish thematic selections from the AVU Research Centre video archive.<\/p>\n<h3><strong>6 March 2013 \/ B-Movie \/ Brno \/ House of Arts, Brna<\/strong><\/h3>\n<p>DVD B-Movie shown as part of the exhibition Hi5! (curated by Barbora \u0160ediv\u00e1 and Slaven Tolj).<\/p>\n<h3><strong>5 December 2012 \/ HE WHO LAUGHS \/ Olomouc \/ Art Centre<\/strong><\/h3>\n<p>HE WHO LAUGHS. Art on the World of Art + bonus Death in Coal (1998) by V\u00edt Soukup<\/p>\n<p><a href=\"https:\/\/vvp.avu.cz\/app\/uploads\/2014\/09\/olomouc_kdo-se-smeje.jpg\"><img loading=\"lazy\" class=\"wp-image-1107 size-medium\" src=\"https:\/\/vvp.avu.cz\/app\/uploads\/2014\/09\/olomouc_kdo-se-smeje-300x424.jpg\" alt=\"Plak\u00e1t k projekci\" width=\"300\" height=\"424\" \/><\/a><\/p>\n<p>The evening included the screening of a \u201cmeta\u201d video, a work of art examining the art world and winding its way through the terrain circumscribed by art history. The commentary on a well known environment and the dialogue with \u201cpredecessors\u201d by means of quotation or the appropriation of their works sometimes comes across as a soliloquy, at other times like a profound meditation. Artists come to terms with the burden of the canon through sarcastic comments, recipes for success, and reflections upon real-life experience. They mythify themselves or, on the contrary, ironise the tortuous nature of their own ambitions. It is impossible to say who has the last laugh and who laughs the most.<\/p>\n<p>Artists represented: Jesper Alvaer, Ad\u00e9la Babanov\u00e1, Ond\u0159ej Brody amd Kristofer Paetau, Jan Bro\u017e, Vladim\u00edr Havl\u00edk, Anetta Mona Chi\u015fa and Lucia Tk\u00e1\u010dov\u00e1, Zuzana Krko\u0161kov\u00e1, Franti\u0161ek Lozinski o. p. s., J\u00e1n Man\u010du\u0161ka, Marek Meduna, Michal P\u011bchou\u010dek, Rafani, Milo\u0161 \u0160ejn and Pavel \u0160vec.<\/p>\n<p>Curators: Terezie Nekvindov\u00e1 and Sl\u00e1va Sobotovi\u010dov\u00e1<\/p>\n<p>Film theatre of the Convict Arts Centre in Olomouc, Univerzitn\u00ed 3<br \/>\nOrganiser: VITR\u00cdNA DENISKA and Pastiche Filmz<\/p>\n<h3><strong>30 October 2012 \/ HE WHO LAUGHS \/ Prague \/ festival 4 + 4 days in motion<\/strong><\/h3>\n<p>HE WHO LAUGHS. Art on the World of Art<\/p>\n<p>Premiere<\/p>\n<div id=\"attachment_1130\" style=\"width: 310px\" class=\"wp-caption aligncenter\"><a href=\"https:\/\/vvp.avu.cz\/app\/uploads\/2014\/09\/jesper.jpg\"><img aria-describedby=\"caption-attachment-1130\" loading=\"lazy\" class=\"size-medium wp-image-1130\" src=\"https:\/\/vvp.avu.cz\/app\/uploads\/2014\/09\/jesper-300x210.jpg\" alt=\"Jesper Alvaer, z\u00e1b\u011br z videa You Shouldn't See Me Like This, 1998\" width=\"300\" height=\"210\" \/><\/a><p id=\"caption-attachment-1130\" class=\"wp-caption-text\">Jesper Alvaer, You Shouldn&#8217;t See Me Like This, 1998<\/p><\/div>\n<p>The evening included the screening of a \u201cmeta\u201d video, a work of art examining the art world and winding its way through the terrain circumscribed by art history. The commentary on a well known environment and the dialogue with \u201cpredecessors\u201d by means of quotation or the appropriation of their works sometimes comes across as a soliloquy, at other times like a profound meditation. Artists come to terms with the burden of the canon through sarcastic comments, recipes for success, and reflections upon real-life experience. They mythify themselves or, on the contrary, ironise the tortuous nature of their own ambitions. It is impossible to say who has the last laugh and who laughs the most.<\/p>\n<p>Artists represented: Jesper Alvaer, Ad\u00e9la Babanov\u00e1, Ond\u0159ej Brody amd Kristofer Paetau, Jan Bro\u017e, Vladim\u00edr Havl\u00edk, Anetta Mona Chi\u015fa and Lucia Tk\u00e1\u010dov\u00e1, Zuzana Krko\u0161kov\u00e1, Franti\u0161ek Lozinski o. p. s., J\u00e1n Man\u010du\u0161ka, Marek Meduna, Michal P\u011bchou\u010dek, Rafani, Milo\u0161 \u0160ejn and Pavel \u0160vec.<\/p>\n<p>Curators: Terezie Nekvindov\u00e1 and Sl\u00e1va Sobotovi\u010dov\u00e1<\/p>\n<p>former Casino, Pa\u0159\u00ed\u017esk\u00e1 25, Prague 1<br \/>\nas part of the <a href=\"http:\/\/www.ctyridny.cz\/program-2012\/kdo-se-smeje\/\">4+4 DAYS IN MOTION<\/a> International Festival of Contemporary Art<\/p>\n<h3>29 September 2012 \/ B-MOVIE \/ Mlad\u00e1 Boleslav \/ Unconventional Film Festival<\/h3>\n<p>DVD B-MOVIE\u00a0screened at the Unconventional Film Festival (Mlad\u00e1 Boleslav, 27 \u2013 29 September 2012), focusing on nakedness and sexuality in art and the media.<\/p>\n<h3><strong>24 May 2012 \/ V\u00cdT SOUKUP \/ Pilsen \/ Popojedem coffee bar<\/strong><\/h3>\n<p>The painter V\u00edt Soukup (1971\u20132007) was also interested in the moving picture. He shot a series of films characterised by exaggeration. In order to recount seemingly banal stories he used the methods of B-movies and silent American slapstick comedies. The screening is a tribute to an important figure in Czech art at the turn of the millennium. The digitalised films by V\u00edt Soukup are from the video archive of the AVU Research Centre for a VIDA DVD being prepared. This was shown at a festival of contemporary art entitled The Beginnings of the Century in Public Space (curated by Denisa V\u00e1clavov\u00e1) as part of the exhibition The Beginnings of the Century at the West Bohemia Gallery in Plze\u0148 (curated by Pavl\u00edna Morganov\u00e1).<\/p>\n<p>Introduced by: Terezie Nekvindov\u00e1 and Sl\u00e1va Sobotovi\u010dov\u00e1<\/p>\n<h3><strong>8 May 2012 \/ THE STARTING POINT CAN BE ZERO, and B-MOVIE (A SELECTION) \/ Prague \/ Divus Prager Kabarett<\/strong><\/h3>\n<p>A screening of a selection from the compilations The Starting Point Can Be Zero and B-Movie for summer school students being taught by Paul and Dinah Ryan (Department of Art and Art History, Mary Baldwin College, Staunton, USA).<\/p>\n<p>Introduced by Sl\u00e1va Sobotovi\u010dov\u00e1.<\/p>\n<h3><strong>23 February 2012 \/ B-MOVIE \/ Bucharest, Romania \/ Czech Centre<\/strong><\/h3>\n<p>Two evenings entitled The Best of Czech Video Art (1997\u20132011), at which the Vida DVDs The Starting Point Can Be Zero and B-Movie <a href=\"https:\/\/vvp.avu.cz\/archiv\/video\/becko\">https:\/\/vvp.avu.cz\/archiv\/video\/becko<\/a>) were presented at the Czech Centre, Bucharest.<\/p>\n<p>Introduced by: Terezie Nekvindov\u00e1 and Sl\u00e1va Sobotovi\u010dov\u00e1<\/p>\n<p><a href=\"https:\/\/vvp.avu.cz\/app\/uploads\/2014\/09\/plakat_bukurest.jpg\"><img loading=\"lazy\" class=\"wp-image-1108 size-medium\" src=\"https:\/\/vvp.avu.cz\/app\/uploads\/2014\/09\/plakat_bukurest-300x408.jpg\" alt=\"Plak\u00e1t\" width=\"300\" height=\"408\" \/><\/a><\/p>\n<p><a href=\"https:\/\/vvp.avu.cz\/app\/uploads\/2014\/09\/bukurest_1.jpg\"><img loading=\"lazy\" class=\"size-medium wp-image-1134\" src=\"https:\/\/vvp.avu.cz\/app\/uploads\/2014\/09\/bukurest_1-300x225.jpg\" alt=\"Uveden\u00ed projekce (s \u0159editelem \u010cesk\u00e9ho centra Bukure\u0161\u0165 Ren\u00e9 Kub\u00e1\u0161kem)  \" width=\"300\" height=\"225\" \/><\/a><\/p>\n<p><a href=\"https:\/\/vvp.avu.cz\/app\/uploads\/2014\/09\/bukurest_2.jpg\"><img loading=\"lazy\" class=\"size-full wp-image-1135\" src=\"https:\/\/vvp.avu.cz\/app\/uploads\/2014\/09\/bukurest_2.jpg\" alt=\"Uveden\u00ed projekce (s \u0159editelem \u010cesk\u00e9ho centra Bukure\u0161\u0165 Ren\u00e9 Kub\u00e1\u0161kem)  \" width=\"274\" height=\"206\" \/><\/a><\/p>\n<p><a href=\"https:\/\/vvp.avu.cz\/app\/uploads\/2014\/09\/bukurest_3copy.jpg\"><img loading=\"lazy\" class=\"size-medium wp-image-1109\" src=\"https:\/\/vvp.avu.cz\/app\/uploads\/2014\/09\/bukurest_3copy-300x225.jpg\" alt=\"Uveden\u00ed projekce (s \u0159editelem \u010cesk\u00e9ho centra Bukure\u0161\u0165 Ren\u00e9 Kub\u00e1\u0161kem)\" width=\"300\" height=\"225\" \/><\/a><\/p>\n<p><a href=\"https:\/\/vvp.avu.cz\/app\/uploads\/2014\/09\/bukurest_4.jpg\"><img loading=\"lazy\" class=\"size-medium wp-image-1136\" src=\"https:\/\/vvp.avu.cz\/app\/uploads\/2014\/09\/bukurest_4-300x225.jpg\" alt=\"Uveden\u00ed projekce\" width=\"300\" height=\"225\" \/><\/a><\/p>\n<p><a href=\"https:\/\/vvp.avu.cz\/app\/uploads\/2014\/09\/bukurest_5copy.jpg\"><img loading=\"lazy\" class=\"size-medium wp-image-1110\" src=\"https:\/\/vvp.avu.cz\/app\/uploads\/2014\/09\/bukurest_5copy-300x225.jpg\" alt=\"Uveden\u00ed projekce (s \u0159editelem \u010cesk\u00e9ho centra Bukure\u0161\u0165 Ren\u00e9 Kub\u00e1\u0161kem)\" width=\"300\" height=\"225\" \/><\/a><\/p>\n<h3><strong>5 April \u2013 17 June 2012 \/ THE STARTING POINT CAN BE ZERO \/ Cheb \/ Fine Art Gallery <\/strong><\/h3>\n<p>A screening of the DVD The Starting Point Can Be Zero (<a href=\"https:\/\/vvp.avu.cz\/archiv\/video\/nula\">https:\/\/vvp.avu.cz\/archiv\/video\/nula<\/a>) in the video room on the occasion of the 50<sup>th<\/sup> anniversary of the founding of the Fine Art Gallery .<\/p>\n<p><a href=\"https:\/\/vvp.avu.cz\/app\/uploads\/2014\/09\/GAVU_pozvanka-copy.jpg\"><img loading=\"lazy\" class=\"size-medium wp-image-1112\" src=\"https:\/\/vvp.avu.cz\/app\/uploads\/2014\/09\/GAVU_pozvanka-copy-300x364.jpg\" alt=\"Pozv\u00e1nka na v\u00fdstavy v GAVU, duben 2012\" width=\"300\" height=\"364\" \/><\/a><\/p>\n<h3><strong>7 December 2011 \/ B-MOVIE \/ Olomouc \/ Arts Centre<\/strong><\/h3>\n<p>B-MOVIE<br \/>\nHorror \u2013 Porno \u2013 Bizarreness \u2013 Violence \u2013 Warped Sentiment<\/p>\n<p><a href=\"https:\/\/vvp.avu.cz\/app\/uploads\/2014\/09\/olomouc_becko_copy.jpg\"><img loading=\"lazy\" class=\"size-medium wp-image-1113\" src=\"https:\/\/vvp.avu.cz\/app\/uploads\/2014\/09\/olomouc_becko_copy-300x424.jpg\" alt=\"Plak\u00e1t k projekci\" width=\"300\" height=\"424\" \/><\/a><\/p>\n<p>An evening of videos in which the main selection criteria are tension, humour and entertainment. The aesthetic of B-movies on the boundaries of taste. A risqu\u00e9 programme from the AVU Academic Research video archive.<\/p>\n<p>Introduced by the curators Terezie Nekvindov\u00e1 and Sl\u00e1va Sobotovi\u010dov\u00e1 with Roman \u0160t\u011btina.<\/p>\n<p>Artists represented: Vasil Artamonov\/Alexej Klyuykov, Zbyn\u011bk Baladr\u00e1n, Daniela Bar\u00e1\u010dkov\u00e1, Ond\u0159ej Brody, Andr\u00e1s Cs\u00e9falvay, Ji\u0159\u00ed David, Ester Geislerov\u00e1-Kadlecov\u00e1, Jan Kadlec, Barbora Kleinhamplov\u00e1, Marius Konvoj, Zuzana Krko\u0161kov\u00e1, I love 69 popgeju,<\/p>\n<p>Eva Ji\u0159i\u010dka, Petra P\u011btilet\u00e1, Rafani, Patrick Sedlaczek, Pavla Scerankov\u00e1, Du\u0161an Skala, Petr Skala, Mat\u011bj Smetana, Ji\u0159\u00ed Sur\u016fvka, Pavel Sterec, Petr Strouhal, Jan \u0160er\u00fdch, Roman \u0160t\u011btina, Marek Ther<\/p>\n<p>A DVD presentation from the VIDA series.<\/p>\n<p>Organised in the film theatre of the Konvikt Arts Centre, Olomouc, by VITR\u00cdNA DENISKA and Pastiche Filmz.<\/p>\n<div id=\"attachment_1114\" style=\"width: 310px\" class=\"wp-caption aligncenter\"><a href=\"https:\/\/vvp.avu.cz\/app\/uploads\/2014\/09\/olomouc_1-copy.jpg\"><img aria-describedby=\"caption-attachment-1114\" loading=\"lazy\" class=\"wp-image-1114 size-medium\" src=\"https:\/\/vvp.avu.cz\/app\/uploads\/2014\/09\/olomouc_1-copy-300x198.jpg\" alt=\"Terezie Nekvindov\u00e1, Sl\u00e1va Sobotovi\u010dov\u00e1 and Roman \u0160t\u011btina introduce the screening\" width=\"300\" height=\"198\" \/><\/a><p id=\"caption-attachment-1114\" class=\"wp-caption-text\">Terezie Nekvindov\u00e1, Sl\u00e1va Sobotovi\u010dov\u00e1 and Roman \u0160t\u011btina introduce the screening<\/p><\/div>\n<div id=\"attachment_1115\" style=\"width: 310px\" class=\"wp-caption aligncenter\"><a href=\"https:\/\/vvp.avu.cz\/app\/uploads\/2014\/09\/olomouc_2-copy.jpg\"><img aria-describedby=\"caption-attachment-1115\" loading=\"lazy\" class=\"wp-image-1115 size-medium\" src=\"https:\/\/vvp.avu.cz\/app\/uploads\/2014\/09\/olomouc_2-copy-300x198.jpg\" alt=\"Roman \u0160t\u011btina talks about his film The Murderer Hides His Face (2010).\" width=\"300\" height=\"198\" \/><\/a><p id=\"caption-attachment-1115\" class=\"wp-caption-text\">Roman \u0160t\u011btina talks about his film The Murderer Hides His Face (2010).<\/p><\/div>\n<h3><strong>21 October 2011\/ B-MOVIE \/ Prague \/ festival 4+4 days in motion<\/strong><\/h3>\n<p>B-MOVIE<br \/>\nHorror \u2013 Porno \u2013 Bizarreness \u2013 Violence \u2013 Warped Sentiment<\/p>\n<div id=\"attachment_1137\" style=\"width: 310px\" class=\"wp-caption aligncenter\"><a href=\"https:\/\/vvp.avu.cz\/app\/uploads\/2014\/09\/smetana.jpg\"><img aria-describedby=\"caption-attachment-1137\" loading=\"lazy\" class=\"wp-image-1137 size-medium\" src=\"https:\/\/vvp.avu.cz\/app\/uploads\/2014\/09\/smetana-300x222.jpg\" alt=\"Mat\u011bj Smetana, It\u2019s Only a Film, 2004, taken from the video\" width=\"300\" height=\"222\" \/><\/a><p id=\"caption-attachment-1137\" class=\"wp-caption-text\">Mat\u011bj Smetana, It\u2019s Only a Film, 2004, taken from the video<\/p><\/div>\n<p>An evening of videos in which the main selection criteria are tension, humour and entertainment. The aesthetic of B-movies on the boundaries of taste. A risqu\u00e9 programme from the AVU Academic Research video archive.<\/p>\n<p>Artists represented: Vasil Artamonov\/Alexej Klyuykov, Ad\u00e9la Babanova, Zbyn\u011bk Baladr\u00e1n, Daniela Bar\u00e1\u010dkov\u00e1, Ond\u0159ej Brody, Andr\u00e1s Cs\u00e9falvay, Ji\u0159\u00ed David, Ester Geislerov\u00e1, Jan Kadlec, Zuzana Krko\u0161kov\u00e1, I love 69 Pop Gej\u016f, Eva Ji\u0159i\u010dka, Pavel Pernick\u00fd, Petra P\u011btilet\u00e1, Rafani, Patrick Sedlaczek, Pavla Scerankov\u00e1, Du\u0161an Skala, Petr Skala, Mat\u011bj Smetana, Ji\u0159\u00ed Sur\u016fvka, Pavel Sterec, Petr Strouhal, Jan \u0160er\u00fdch, Roman \u0160t\u011btina, Marek Ther, Ladislav Vondr\u00e1k<\/p>\n<p>Curators: Terezie Nekvindov\u00e1 and Sl\u00e1va Sobotovi\u010dov\u00e1<\/p>\n<p>Premiere of a DVD from the VIDA series.<\/p>\n<p>International festival of contemporary art 4+4 days in motion<br \/>\nPrague 1, for the former Centre for Folk Art Production (\u00daLUV), N\u00e1rodn\u00ed 36<\/p>\n<h3><strong>2 May 2011 \/ THE STARTING POINT CAN BE ZERO \/ Prague \/ Divus Prager Kabarett<\/strong><\/h3>\n<p>A presentation of the compilation The Starting Point Can Be Zero for summer school students of the lecturers Paul and Dinah Ryan (Department of Art and Art History, Mary Baldwin College, Staunton, USA).<\/p>\n<p>Introduced by Sl\u00e1va Sobotovi\u010dov\u00e1.<\/p>\n<h3><strong>22 March 2011 \/ THE STARTING POINT CAN BE ZERO \/ Olomouc \/ Art Centre<\/strong><\/h3>\n<p>THE STARTING POINT CAN BE ZERO<br \/>\nVideos on the topic of space, architecture and urbanism<\/p>\n<div id=\"attachment_1117\" style=\"width: 310px\" class=\"wp-caption aligncenter\"><a href=\"https:\/\/vvp.avu.cz\/app\/uploads\/2014\/09\/olomouc_pocatek.jpg\"><img aria-describedby=\"caption-attachment-1117\" loading=\"lazy\" class=\"size-medium wp-image-1117\" src=\"https:\/\/vvp.avu.cz\/app\/uploads\/2014\/09\/olomouc_pocatek-300x430.jpg\" alt=\"Plak\u00e1t k projekci\" width=\"300\" height=\"430\" \/><\/a><p id=\"caption-attachment-1117\" class=\"wp-caption-text\">Poster<\/p><\/div>\n<p>Artists represented: Zbyn\u011bk Baladr\u00e1n, Daniela Bar\u00e1\u010dkov\u00e1, Jan Fabi\u00e1n, Pavla Gajdo\u0161\u00edkov\u00e1, David Kopeck\u00fd, Eva Ko\u0165\u00e1tkov\u00e1, J\u00e1n Man\u010du\u0161ka, David Mo\u017en\u00fd, Kry\u0161tof Pe\u0161ek, Jan Pfeiffer, Daniel Pit\u00edn, Pavla Scerankov\u00e1, Christoph Srb, Ivan Svoboda, Tom\u00e1\u0161 Svoboda, Tom\u00e1\u0161 Van\u011bk, Vojt\u011bch Van\u011bk, Kate\u0159ina Zochov\u00e1<\/p>\n<p>Curators: Terezie Nekvindov\u00e1 and Sl\u00e1va Sobotovi\u010dov\u00e1<\/p>\n<p>Film theatre of the Konvikt Art Centre, Olomouc.<br \/>\nOrganisers: the organisation For a Beautiful Olomouc and Pastiche Films.<\/p>\n<p>A presentation of the DVD The Starting Point Can Be Zero\u00a0from the VIDA series issued in cooperation with the Divus publishing house,<\/p>\n<h3><strong>18 October 2010 \/ THE STARTING POINT CAN BE ZERO \/<\/strong> <strong>Prague<\/strong><strong> \/ festival 4 + 4 days in motion<\/strong><\/h3>\n<p>THE STARTING POINT CAN BE ZERO<br \/>\nVideos on the topic of space, architecture and urbanism<\/p>\n<div id=\"attachment_1138\" style=\"width: 310px\" class=\"wp-caption aligncenter\"><a href=\"https:\/\/vvp.avu.cz\/app\/uploads\/2014\/09\/pavla_pocatek.jpg\"><img aria-describedby=\"caption-attachment-1138\" loading=\"lazy\" class=\"wp-image-1138 size-medium\" src=\"https:\/\/vvp.avu.cz\/app\/uploads\/2014\/09\/pavla_pocatek-300x240.jpg\" alt=\"Video by Pavla Gajdo\u0161\u00edkov\u00e1 1147 address from 2010\" width=\"300\" height=\"240\" \/><\/a><p id=\"caption-attachment-1138\" class=\"wp-caption-text\">Video by Pavla Gajdo\u0161\u00edkov\u00e1 1147 address from 2010<\/p><\/div>\n<p>We all need to define our own place in the world and to demarcate our own space. By organising chaos and defining reference points to which we relate and that are the measure of things, we create our own identity. To a large degree architecture defines our lived space. Contemporary artists address architecture head on or see it as a natural part of their own space and the existential experience thereof.<\/p>\n<p>Artists represented: Zbyn\u011bk Baladr\u00e1n, Daniela Bar\u00e1\u010dkov\u00e1, Ji\u0159\u00ed \u010cernick\u00fd, Jan Fabi\u00e1n, Pavla Gajdo\u0161\u00edkov\u00e1, David Kopeck\u00fd, Eva Ko\u0165\u00e1tkov\u00e1, J\u00e1n Man\u010du\u0161ka, David Mo\u017en\u00fd, Jan Pfeiffer, Daniel Pit\u00edn, Pavla Scerankov\u00e1, Christoph Srb, Ivan Svoboda, Tom\u00e1\u0161 Svoboda, Tom\u00e1\u0161 Van\u011bk, Vojt\u011bch Van\u011bk, Kate\u0159ina Zochov\u00e1<\/p>\n<p>Curators: Terezie Nekvindov\u00e1 and Sl\u00e1va Sobotovi\u010dov\u00e1.<\/p>\n<p>Premiere of a DVD from the VIDA series.<\/p>\n<p>International Festival of Contemporary Art 4+4 Days in Motion<br \/>\nPrague 1, for the former Centre for Folk Art Production (\u00daLUV), N\u00e1rodn\u00ed<\/p>\n<p>Text by Radim M\u011bs\u00edc on the selection The Starting Point Can Be Zero: <a href=\"http:\/\/mediabaze.cz\/page.php?institution=39\">http:\/\/mediabaze.cz\/page.php?institution=39<\/a><\/p>\n","protected":false},"excerpt":{"rendered":"<p>The VIDA series was created in 2011 to publish thematic selections from the AVU Research Centre video archive. 6 March 2013 \/ B-Movie \/ Brno \/ House of Arts, Brna DVD B-Movie shown as part of the exhibition Hi5! (curated by Barbora \u0160ediv\u00e1 and Slaven Tolj). 5 December 2012 \/ HE WHO LAUGHS \/ Olomouc [&hellip;]<\/p>\n","protected":false},"author":5,"featured_media":0,"parent":0,"menu_order":134,"comment_status":"closed","ping_status":"open","template":"","meta":{"inline_featured_image":false},"acf":[],"yoast_head":"<!-- This site is optimized with the Yoast SEO plugin v19.6.1 - https:\/\/yoast.com\/wordpress\/plugins\/seo\/ -->\n<title>The VIDA series - VVP AVU<\/title>\n<meta name=\"robots\" content=\"index, follow, max-snippet:-1, max-image-preview:large, max-video-preview:-1\" \/>\n<link rel=\"canonical\" href=\"https:\/\/vvp.avu.cz\/en\/the-vida-series\/\" \/>\n<meta property=\"og:locale\" content=\"en_US\" \/>\n<meta property=\"og:type\" content=\"article\" \/>\n<meta property=\"og:title\" content=\"The VIDA series - VVP AVU\" \/>\n<meta property=\"og:description\" content=\"The VIDA series was created in 2011 to publish thematic selections from the AVU Research Centre video archive. 6 March 2013 \/ B-Movie \/ Brno \/ House of Arts, Brna DVD B-Movie shown as part of the exhibition Hi5! (curated by Barbora \u0160ediv\u00e1 and Slaven Tolj). 5 December 2012 \/ HE WHO LAUGHS \/ Olomouc [&hellip;]\" \/>\n<meta property=\"og:url\" content=\"https:\/\/vvp.avu.cz\/en\/the-vida-series\/\" \/>\n<meta property=\"og:site_name\" content=\"VVP AVU\" \/>\n<meta property=\"article:publisher\" content=\"https:\/\/www.facebook.com\/VVPAVU\/\" \/>\n<meta property=\"article:modified_time\" content=\"2022-04-27T21:15:29+00:00\" \/>\n<meta property=\"og:image\" content=\"https:\/\/vvp.avu.cz\/app\/uploads\/2014\/09\/olomouc_kdo-se-smeje-300x424.jpg\" \/>\n<meta name=\"twitter:card\" content=\"summary_large_image\" \/>\n<meta name=\"twitter:label1\" content=\"Est. reading time\" \/>\n\t<meta name=\"twitter:data1\" content=\"8 minutes\" \/>\n<script type=\"application\/ld+json\" class=\"yoast-schema-graph\">{\"@context\":\"https:\/\/schema.org\",\"@graph\":[{\"@type\":\"WebPage\",\"@id\":\"https:\/\/vvp.avu.cz\/en\/the-vida-series\/\",\"url\":\"https:\/\/vvp.avu.cz\/en\/the-vida-series\/\",\"name\":\"The VIDA series - VVP AVU\",\"isPartOf\":{\"@id\":\"https:\/\/vvp.avu.cz\/en\/#website\"},\"datePublished\":\"2014-11-06T12:51:53+00:00\",\"dateModified\":\"2022-04-27T21:15:29+00:00\",\"breadcrumb\":{\"@id\":\"https:\/\/vvp.avu.cz\/en\/the-vida-series\/#breadcrumb\"},\"inLanguage\":\"en-US\",\"potentialAction\":[{\"@type\":\"ReadAction\",\"target\":[\"https:\/\/vvp.avu.cz\/en\/the-vida-series\/\"]}]},{\"@type\":\"BreadcrumbList\",\"@id\":\"https:\/\/vvp.avu.cz\/en\/the-vida-series\/#breadcrumb\",\"itemListElement\":[{\"@type\":\"ListItem\",\"position\":1,\"name\":\"Dom\u016f\",\"item\":\"https:\/\/vvp.avu.cz\/en\/\"},{\"@type\":\"ListItem\",\"position\":2,\"name\":\"The VIDA series\"}]},{\"@type\":\"WebSite\",\"@id\":\"https:\/\/vvp.avu.cz\/en\/#website\",\"url\":\"https:\/\/vvp.avu.cz\/en\/\",\"name\":\"VVP AVU\",\"description\":\"posilujeme v\u00fdzkum a v\u011bdu o um\u011bn\u00ed a otev\u00edr\u00e1me ji ve\u0159ejnosti\",\"potentialAction\":[{\"@type\":\"SearchAction\",\"target\":{\"@type\":\"EntryPoint\",\"urlTemplate\":\"https:\/\/vvp.avu.cz\/en\/?s={search_term_string}\"},\"query-input\":\"required name=search_term_string\"}],\"inLanguage\":\"en-US\"}]}<\/script>\n<!-- \/ Yoast SEO plugin. -->","yoast_head_json":{"title":"The VIDA series - VVP AVU","robots":{"index":"index","follow":"follow","max-snippet":"max-snippet:-1","max-image-preview":"max-image-preview:large","max-video-preview":"max-video-preview:-1"},"canonical":"https:\/\/vvp.avu.cz\/en\/the-vida-series\/","og_locale":"en_US","og_type":"article","og_title":"The VIDA series - VVP AVU","og_description":"The VIDA series was created in 2011 to publish thematic selections from the AVU Research Centre video archive. 6 March 2013 \/ B-Movie \/ Brno \/ House of Arts, Brna DVD B-Movie shown as part of the exhibition Hi5! (curated by Barbora \u0160ediv\u00e1 and Slaven Tolj). 5 December 2012 \/ HE WHO LAUGHS \/ Olomouc [&hellip;]","og_url":"https:\/\/vvp.avu.cz\/en\/the-vida-series\/","og_site_name":"VVP AVU","article_publisher":"https:\/\/www.facebook.com\/VVPAVU\/","article_modified_time":"2022-04-27T21:15:29+00:00","og_image":[{"url":"https:\/\/vvp.avu.cz\/app\/uploads\/2014\/09\/olomouc_kdo-se-smeje-300x424.jpg"}],"twitter_card":"summary_large_image","twitter_misc":{"Est. reading time":"8 minutes"},"schema":{"@context":"https:\/\/schema.org","@graph":[{"@type":"WebPage","@id":"https:\/\/vvp.avu.cz\/en\/the-vida-series\/","url":"https:\/\/vvp.avu.cz\/en\/the-vida-series\/","name":"The VIDA series - VVP AVU","isPartOf":{"@id":"https:\/\/vvp.avu.cz\/en\/#website"},"datePublished":"2014-11-06T12:51:53+00:00","dateModified":"2022-04-27T21:15:29+00:00","breadcrumb":{"@id":"https:\/\/vvp.avu.cz\/en\/the-vida-series\/#breadcrumb"},"inLanguage":"en-US","potentialAction":[{"@type":"ReadAction","target":["https:\/\/vvp.avu.cz\/en\/the-vida-series\/"]}]},{"@type":"BreadcrumbList","@id":"https:\/\/vvp.avu.cz\/en\/the-vida-series\/#breadcrumb","itemListElement":[{"@type":"ListItem","position":1,"name":"Dom\u016f","item":"https:\/\/vvp.avu.cz\/en\/"},{"@type":"ListItem","position":2,"name":"The VIDA series"}]},{"@type":"WebSite","@id":"https:\/\/vvp.avu.cz\/en\/#website","url":"https:\/\/vvp.avu.cz\/en\/","name":"VVP AVU","description":"posilujeme v\u00fdzkum a v\u011bdu o um\u011bn\u00ed a otev\u00edr\u00e1me ji ve\u0159ejnosti","potentialAction":[{"@type":"SearchAction","target":{"@type":"EntryPoint","urlTemplate":"https:\/\/vvp.avu.cz\/en\/?s={search_term_string}"},"query-input":"required name=search_term_string"}],"inLanguage":"en-US"}]}},"_links":{"self":[{"href":"https:\/\/vvp.avu.cz\/en\/wp-json\/wp\/v2\/pages\/3540"}],"collection":[{"href":"https:\/\/vvp.avu.cz\/en\/wp-json\/wp\/v2\/pages"}],"about":[{"href":"https:\/\/vvp.avu.cz\/en\/wp-json\/wp\/v2\/types\/page"}],"author":[{"embeddable":true,"href":"https:\/\/vvp.avu.cz\/en\/wp-json\/wp\/v2\/users\/5"}],"replies":[{"embeddable":true,"href":"https:\/\/vvp.avu.cz\/en\/wp-json\/wp\/v2\/comments?post=3540"}],"version-history":[{"count":1,"href":"https:\/\/vvp.avu.cz\/en\/wp-json\/wp\/v2\/pages\/3540\/revisions"}],"predecessor-version":[{"id":3808,"href":"https:\/\/vvp.avu.cz\/en\/wp-json\/wp\/v2\/pages\/3540\/revisions\/3808"}],"wp:attachment":[{"href":"https:\/\/vvp.avu.cz\/en\/wp-json\/wp\/v2\/media?parent=3540"}],"curies":[{"name":"wp","href":"https:\/\/api.w.org\/{rel}","templated":true}]}}